{"id":29415,"date":"2021-09-16T15:15:24","date_gmt":"2021-09-16T15:15:24","guid":{"rendered":"https:\/\/americanorchestras.org\/?post_type=event&#038;p=29415"},"modified":"2022-03-24T17:25:39","modified_gmt":"2022-03-24T17:25:39","slug":"2022-bruno-walter-national-conductor-preview","status":"publish","type":"event","link":"https:\/\/americanorchestras.org\/event\/2022-bruno-walter-national-conductor-preview\/","title":{"rendered":"2022 Bruno Walter National Conductor Preview"},"content":{"rendered":"\n<h4 class=\"wp-block-heading\" id=\"concert\"><a name=\"#concert\"><\/a>Watch the National Conductor Preview Concert<\/h4>\n\n\n\n<p><iframe loading=\"lazy\" width=\"720\" height=\"420\" src=\"https:\/\/boxcast.tv\/view-embed\/national-conductors-preview-lbiggeokgtufdklvpndp?showTitle=0&amp;showDescription=0&amp;showHighlights=0&amp;showRelated=0&amp;showCountdown=1&amp;market=house-of-worship&amp;showDocuments=0&amp;showIndex=0&amp;showDonations=0\" frameborder=\"0\" scrolling=\"auto\" allowfullscreen=\"true\" allow=\"autoplay; fullscreen\"><\/iframe><\/p>\n\n\n\n<p>Our National Conductor Preview in New Orleans with the Louisiana Philharmonic Orchestra took place in-person March 16-17, 2022.<\/p>\n\n\n\n<p>One of the orchestra field\u2019s most prestigious events for conductors to showcase their talent nationally, the Preview offers:<\/p>\n\n\n\n<ul class=\"wp-block-list\"><li>two days of rehearsals,<\/li><li>networking between the conductors and industry professionals,<\/li><li>a luncheon meeting with Henry Fogel, an authority on the conductor search process, and<\/li><li>a public concert featuring music by Beethoven, Brahms, Haydn, Montgomery, Ravel, and Stravinsky.<\/li><\/ul>\n\n\n\n<p>The National Conductor Preview culminated in a free public concert on March 17 at 7:30 p.m. CST. The event was streamed live and is available on-demand for 45 days.<\/p>\n\n\n\n<div class=\"wp-block-pb-accordion-item c-accordion__item js-accordion-item no-js\" data-initially-open=\"false\" data-click-to-close=\"true\" data-auto-close=\"true\" data-scroll=\"false\" data-scroll-offset=\"0\"><h2 id=\"at-0\" class=\"c-accordion__title js-accordion-controller\" tabindex=\"0\" role=\"button\" aria-controls=\"ac-0\">Conductors<\/h2><div id=\"ac-0\" class=\"c-accordion__content\" style=\"display:none\">\n<p>Six conductors have been chosen by an adjudication panel of leading artistic executives from a pool of more than 150 applications from around the world for their podium talent and commitment to American orchestras.<\/p>\n\n\n\n<div class=\"wp-block-image is-style-default\"><figure class=\"alignleft size-large is-resized\"><img loading=\"lazy\" decoding=\"async\" src=\"https:\/\/americanorchestras.org\/wp-content\/uploads\/2021\/12\/bertie-baigent-new-square-1024x1024.jpg\" alt=\"\" class=\"wp-image-30346\" width=\"150\" height=\"150\" srcset=\"https:\/\/americanorchestras.org\/wp-content\/uploads\/2021\/12\/bertie-baigent-new-square-1024x1024.jpg 1024w, https:\/\/americanorchestras.org\/wp-content\/uploads\/2021\/12\/bertie-baigent-new-square-300x300.jpg 300w, https:\/\/americanorchestras.org\/wp-content\/uploads\/2021\/12\/bertie-baigent-new-square-150x150.jpg 150w, https:\/\/americanorchestras.org\/wp-content\/uploads\/2021\/12\/bertie-baigent-new-square-768x768.jpg 768w, https:\/\/americanorchestras.org\/wp-content\/uploads\/2021\/12\/bertie-baigent-new-square-1536x1536.jpg 1536w, https:\/\/americanorchestras.org\/wp-content\/uploads\/2021\/12\/bertie-baigent-new-square-2048x2048.jpg 2048w\" sizes=\"auto, (max-width: 150px) 100vw, 150px\" \/><\/figure><\/div>\n\n\n\n<p><strong><a href=\"https:\/\/americanorchestras.org\/wp-content\/uploads\/2021\/12\/BERTIE2.pdf\" target=\"_blank\" rel=\"noreferrer noopener\">Bertie Baigent<\/a><\/strong><br>Colorado Symphony<br><em>Assistant Conductor<\/em><\/p>\n\n\n\n<div style=\"height:20px\" aria-hidden=\"true\" class=\"wp-block-spacer\"><\/div>\n\n\n\n<div class=\"wp-block-image is-style-default\"><figure class=\"alignleft\"><img decoding=\"async\" src=\"https:\/\/americanorchestras.org\/wp-content\/uploads\/2020\/12\/tong-chen-square.jpg\" alt=\"\"\/><\/figure><\/div>\n\n\n\n<p><strong><a href=\"https:\/\/americanorchestras.org\/wp-content\/uploads\/2022\/02\/Tong-Chen-bio-new.pdf\" target=\"_blank\" rel=\"noreferrer noopener\">Tong Chen<\/a><\/strong><br>New Jersey Symphony Orchestra<br><em>Assistant Conductor<\/em><\/p>\n\n\n\n<div style=\"height:20px\" aria-hidden=\"true\" class=\"wp-block-spacer\"><\/div>\n\n\n\n<div class=\"wp-block-image is-style-default\"><figure class=\"alignleft\"><img decoding=\"async\" src=\"https:\/\/americanorchestras.org\/wp-content\/uploads\/2020\/12\/Gonzalo-Farias-square.jpg\" alt=\"\"\/><\/figure><\/div>\n\n\n\n<p><strong><a href=\"https:\/\/americanorchestras.org\/wp-content\/uploads\/2022\/02\/GONZAL2.pdf\" target=\"_blank\" rel=\"noreferrer noopener\">Gonzalo Farias<\/a><\/strong><br>Jacksonville Symphony Orchestra<br><em>Associate Conductor<\/em><\/p>\n\n\n\n<div style=\"height:20px\" aria-hidden=\"true\" class=\"wp-block-spacer\"><\/div>\n\n\n\n<div class=\"wp-block-image is-style-default\"><figure class=\"alignleft\"><img decoding=\"async\" src=\"https:\/\/americanorchestras.org\/wp-content\/uploads\/2020\/12\/Norman-Huynh-square.jpg\" alt=\"\"\/><\/figure><\/div>\n\n\n\n<p><strong><a rel=\"noreferrer noopener\" href=\"https:\/\/americanorchestras.org\/wp-content\/uploads\/2022\/01\/Norman-Huynh-bio-updated.pdf\" target=\"_blank\">Norman Huynh<\/a><\/strong><br>Oregon Symphony<br><em>Associate Conductor<\/em><br>&amp; Bozeman Symphony Orchestra<br><em>Music Director<\/em><\/p>\n\n\n\n<div style=\"height:20px\" aria-hidden=\"true\" class=\"wp-block-spacer\"><\/div>\n\n\n\n<div class=\"wp-block-image is-style-default\"><figure class=\"alignleft\"><img decoding=\"async\" src=\"https:\/\/americanorchestras.org\/wp-content\/uploads\/2020\/12\/yuwon-kim-square.jpg\" alt=\"\"\/><\/figure><\/div>\n\n\n\n<p><strong><a href=\"https:\/\/americanorchestras.org\/wp-content\/uploads\/2022\/02\/Yuwon-Kim-bio-new.pdf\" target=\"_blank\" rel=\"noreferrer noopener\">Yuwon Kim<\/a><\/strong><br>Curtis Institute of Music<br><em>Conducting Fellow<\/em><\/p>\n\n\n\n<div style=\"height:20px\" aria-hidden=\"true\" class=\"wp-block-spacer\"><\/div>\n\n\n\n<div class=\"wp-block-image is-style-default\"><figure class=\"alignleft\"><img decoding=\"async\" src=\"https:\/\/americanorchestras.org\/wp-content\/uploads\/2020\/12\/lopez-Ferrer-square.jpg\" alt=\"\"\/><\/figure><\/div>\n\n\n\n<p><strong><a href=\"https:\/\/americanorchestras.org\/wp-content\/uploads\/2022\/02\/FRANOI1-1.pdf\" target=\"_blank\" rel=\"noreferrer noopener\">Fran\u00e7ois L\u00f3pez-Ferrer<\/a><\/strong><br>Cincinnati Symphony Orchestra<br><em>Assistant Conductor<\/em><\/p>\n<\/div><\/div>\n\n\n\n<div class=\"wp-block-pb-accordion-item c-accordion__item js-accordion-item no-js\" data-initially-open=\"false\" data-click-to-close=\"true\" data-auto-close=\"true\" data-scroll=\"false\" data-scroll-offset=\"0\"><h2 id=\"at-1\" class=\"c-accordion__title js-accordion-controller\" tabindex=\"0\" role=\"button\" aria-controls=\"ac-1\">Agenda<\/h2><div id=\"ac-1\" class=\"c-accordion__content\" style=\"display:none\">\n<p><strong>Wednesday, March 16<\/strong><\/p>\n\n\n\n<ul class=\"wp-block-list\"><li>9:30-10am: Welcome<\/li><li>10am-12:30pm:&nbsp;Rehearsal<\/li><li>12:30-1:30pm: Lunch Break<\/li><li>1:30-2pm: Welcome<\/li><li>2-4pm: Rehearsal 2<\/li><li>After 4pm: Free evening to explore New Orleans<\/li><\/ul>\n\n\n\n<p><strong>Thursday, March 17<\/strong><\/p>\n\n\n\n<ul class=\"wp-block-list\"><li>9:30-10am: Welcome<\/li><li>10am-12:30pm: Dress Rehearsal<\/li><li>1-3pm: Music Director Search Luncheon with Henry Fogel<\/li><li>3-7pm: Free afternoon to explore New Orleans<\/li><li>7:30pm: National Conductor Preview Concert<\/li><li>10pm: Post-Concert Reception<\/li><\/ul>\n\n\n\n<p><em>A more <a href=\"https:\/\/americanorchestras-fontevacustomer.force.com\/lao\/s\/lt-event?id=a2c5a000002RcKEAA0#\/Agenda\" target=\"_blank\" rel=\"noreferrer noopener\"><strong>detailed agenda<\/strong><\/a> is available on the <strong><a href=\"https:\/\/americanorchestras-fontevacustomer.force.com\/s\/lt-event?id=a2c5a000002RcKEAA0\" target=\"_blank\" rel=\"noreferrer noopener\">event registration site<\/a><\/strong>.<\/em><\/p>\n\n\n\n<div class=\"wp-block-image\"><figure class=\"aligncenter size-large\"><img loading=\"lazy\" decoding=\"async\" width=\"300\" height=\"200\" src=\"https:\/\/americanorchestras.org\/wp-content\/uploads\/2020\/12\/Louisiana-Philharmonic-Orchestra.jpg\" alt=\"\" class=\"wp-image-10208\"\/><figcaption><em>The Louisiana Philharmonic Orchestra. Photo: Ryan Hodgson-Rigsbee<\/em><\/figcaption><\/figure><\/div>\n<\/div><\/div>\n\n\n\n<div class=\"wp-block-pb-accordion-item c-accordion__item js-accordion-item no-js\" data-initially-open=\"false\" data-click-to-close=\"true\" data-auto-close=\"true\" data-scroll=\"false\" data-scroll-offset=\"0\"><h2 id=\"at-2\" class=\"c-accordion__title js-accordion-controller\" tabindex=\"0\" role=\"button\" aria-controls=\"ac-2\">Repertoire<\/h2><div id=\"ac-2\" class=\"c-accordion__content\" style=\"display:none\">\n<p>Beethoven &#8211; Symphony No. 7 in A major, Op. 92<br>Brahms &#8211; Symphony No. 4 in E minor<br>Haydn &#8211; Symphony No. 103 in E\u266d major (&#8220;The Drumroll&#8221;)<br>Montgomery &#8211; Starburst<br>Ravel &#8211;&nbsp;<em>Pavane pour une infante defunte<\/em><br>Stravinsky &#8211;&nbsp;<em>The Firebird<\/em>&nbsp;Concert Suite for Orchestra No. 2 (1919)<\/p>\n<\/div><\/div>\n\n\n\n<div class=\"wp-block-pb-accordion-item c-accordion__item js-accordion-item no-js\" data-initially-open=\"false\" data-click-to-close=\"true\" data-auto-close=\"true\" data-scroll=\"false\" data-scroll-offset=\"0\"><h2 id=\"at-3\" class=\"c-accordion__title js-accordion-controller\" tabindex=\"0\" role=\"button\" aria-controls=\"ac-3\">Who Should Attend?<\/h2><div id=\"ac-3\" class=\"c-accordion__content\" style=\"display:none\">\n<p>Orchestra search committees, artist managers, and artistic administrators will have intimate, front-row access to watch and evaluate participants in rehearsal and meet them individually.<\/p>\n<\/div><\/div>\n\n\n\n<div class=\"wp-block-pb-accordion-item c-accordion__item js-accordion-item no-js\" data-initially-open=\"false\" data-click-to-close=\"true\" data-auto-close=\"true\" data-scroll=\"false\" data-scroll-offset=\"0\"><h2 id=\"at-4\" class=\"c-accordion__title js-accordion-controller\" tabindex=\"0\" role=\"button\" aria-controls=\"ac-4\">Cost<\/h2><div id=\"ac-4\" class=\"c-accordion__content\" style=\"display:none\">\n<ul class=\"wp-block-list\"><li>$95<\/li><li>Free for League orchestra and institutional members, including business partners *<\/li><\/ul>\n\n\n\n<p><em>* Learn more about&nbsp;<strong><a rel=\"noreferrer noopener\" href=\"https:\/\/americanorchestras.org\/connect\/?utm_source=MagnetMail&amp;utm_medium=email&amp;utm_term=INSERT_EMAIL&amp;utm_content=INSERT_MESSAGE_NAME&amp;utm_campaign=INSERT_MESSAGE_SUBJECT\" target=\"_blank\">membership<\/a><\/strong>&nbsp;and&nbsp;<strong><a rel=\"noreferrer noopener\" href=\"https:\/\/americanorchestras-fontevacustomer.force.com\/joinapi__membershiplist?id=a3H0b0000018m98EAA\" target=\"_blank\">join online<\/a><\/strong><\/em><\/p>\n\n\n\n<div class=\"wp-block-buttons aligncenter is-layout-flex wp-block-buttons-is-layout-flex\">\n<div class=\"wp-block-button\"><a class=\"wp-block-button__link has-background has-coral-background-color\" href=\"https:\/\/americanorchestras-fontevacustomer.force.com\/s\/lt-event?id=a2c5a000002RcKEAA0\" target=\"_blank\" rel=\"noreferrer noopener\">Register<\/a><\/div>\n<\/div>\n<\/div><\/div>\n\n\n\n<div class=\"wp-block-pb-accordion-item c-accordion__item js-accordion-item no-js\" data-initially-open=\"false\" data-click-to-close=\"true\" data-auto-close=\"true\" data-scroll=\"false\" data-scroll-offset=\"0\"><h2 id=\"at-5\" class=\"c-accordion__title js-accordion-controller\" tabindex=\"0\" role=\"button\" aria-controls=\"ac-5\">Hotel Recommendations<\/h2><div id=\"ac-5\" class=\"c-accordion__content\" style=\"display:none\">\n<p>There are many options along Canal and Common Streets including:<\/p>\n\n\n\n<p><a rel=\"noreferrer noopener\" href=\"https:\/\/www.ihg.com\/holidayinn\/hotels\/us\/en\/new-orleans\/msydt\/hoteldetail\/hotel-room-rates?qDest=330%20Loyola%20Avenue,%20New%20Orleans,%20LA,%20US&amp;qCiD=31&amp;qCoD=3&amp;qCiMy=22020&amp;qCoMy=32020&amp;qAdlt=2&amp;qChld=0&amp;qRms=1&amp;qWch=0&amp;qSmP=1&amp;qIta=99618783&amp;setPMCookies=true&amp;qRtP=6CBARC&amp;qAAR=6CBARC&amp;qSlH=MSYDT&amp;qAkamaiCC=US&amp;srb_u=1&amp;qRad=30&amp;qRdU=mi&amp;qSHBrC=HI&amp;presentationViewType=select&amp;qSrt=sBR&amp;qBrs=re.ic.in.vn.cp.vx.hi.ex.rs.cv.sb.cw.ma.ul.ki.va.ii.\" target=\"_blank\"><strong>Holiday Inn New Orleans-Downtown Superdome<\/strong><\/a>&nbsp;<em>(closest hotel to the Orpheum Theater)<\/em> * <br>330 Loyola Ave<br>New Orleans, LA 70112<br>* Make your <strong><a rel=\"noreferrer noopener\" href=\"https:\/\/bit.ly\/3G3zlvz\" target=\"_blank\">reservation online<\/a><\/strong> with the League&#8217;s group code<\/p>\n\n\n\n<p><a rel=\"noreferrer noopener\" href=\"https:\/\/www.marriott.com\/hotels\/travel\/msycy-courtyard-new-orleans-downtown-near-the-french-quarter\/?scid=bb1a189a-fec3-4d19-a255-54ba596febe2\" target=\"_blank\"><strong>Courtyard by Marriott New Orleans<\/strong><\/a><br>124 St. Charles Avenue<br>New Orleans, Louisiana 70130<\/p>\n\n\n\n<p><a rel=\"noreferrer noopener\" href=\"https:\/\/www.therooseveltneworleans.com\/\" target=\"_blank\"><strong>Roosevelt Hotel<\/strong><\/a><br>130 Roosevelt Way<br>New Orleans, LA 70112<\/p>\n\n\n\n<p><a rel=\"noreferrer noopener\" href=\"https:\/\/www.junghotel.com\/\" target=\"_blank\"><strong>Jung Hotel<\/strong><\/a><br>1500 Canal St<br>New Orleans, LA 70112<\/p>\n\n\n\n<p><a rel=\"noreferrer noopener\" href=\"https:\/\/www.marriott.com\/hotels\/travel\/msyis-sheraton-new-orleans-hotel\/\" target=\"_blank\"><strong>Sheraton New Orleans<\/strong><\/a><br>500 Canal St<br>New Orleans, LA 70130<\/p>\n<\/div><\/div>\n\n\n\n<div class=\"wp-block-pb-accordion-item c-accordion__item js-accordion-item no-js\" data-initially-open=\"false\" data-click-to-close=\"true\" data-auto-close=\"true\" data-scroll=\"false\" data-scroll-offset=\"0\"><h2 id=\"at-6\" class=\"c-accordion__title js-accordion-controller\" tabindex=\"0\" role=\"button\" aria-controls=\"ac-6\">More Information<\/h2><div id=\"ac-6\" class=\"c-accordion__content\" style=\"display:none\">\n<p><em>Further information, including our <strong><a rel=\"noreferrer noopener\" href=\"https:\/\/americanorchestras-fontevacustomer.force.com\/lao\/s\/lt-event?id=a2c5a000002RcKEAA0#\/COVID-19%20Policy\" target=\"_blank\">COVID-19 policy<\/a><\/strong> and <strong><a rel=\"noreferrer noopener\" href=\"https:\/\/americanorchestras-fontevacustomer.force.com\/lao\/s\/lt-event?id=a2c5a000002RcKEAA0#\/FAQs\" target=\"_blank\">FAQs<\/a><\/strong>, is available on the <strong><a href=\"https:\/\/americanorchestras-fontevacustomer.force.com\/s\/lt-event?id=a2c5a000002RcKEAA0\" target=\"_blank\" rel=\"noreferrer noopener\">event registration site<\/a><\/strong>.<\/em><\/p>\n\n\n\n<div class=\"wp-block-buttons is-layout-flex wp-block-buttons-is-layout-flex\">\n<div class=\"wp-block-button\"><a class=\"wp-block-button__link has-background has-coral-background-color\" href=\"https:\/\/americanorchestras-fontevacustomer.force.com\/s\/lt-event?id=a2c5a000002RcKEAA0\" target=\"_blank\" rel=\"noreferrer noopener\">Register<\/a><\/div>\n<\/div>\n<\/div><\/div>\n\n\n\n<h4 class=\"wp-block-heading\">Questions?<\/h4>\n\n\n\n<p>Contact David Styers, Director, Learning and Leadership Programs,&nbsp;at&nbsp;<strong><a href=\"mailto:dstyers@americanorchestras.org\">dstyers@americanorchestras.org<\/a><\/strong>.<\/p>\n\n\n\n<hr class=\"wp-block-separator\"\/>\n\n\n\n<figure class=\"wp-block-gallery columns-2 wp-block-gallery-1 is-layout-flex wp-block-gallery-is-layout-flex\"><ul class=\"blocks-gallery-grid\"><li class=\"blocks-gallery-item\"><figure><img loading=\"lazy\" decoding=\"async\" width=\"1024\" height=\"406\" src=\"https:\/\/americanorchestras.org\/wp-content\/uploads\/2021\/09\/League-three-line-logo_RGB-indigo-1024x406.png\" alt=\"\" data-id=\"29427\" data-full-url=\"https:\/\/americanorchestras.org\/wp-content\/uploads\/2021\/09\/League-three-line-logo_RGB-indigo.png\" data-link=\"https:\/\/americanorchestras.org\/event\/2022-bruno-walter-national-conductor-preview\/league-three-line-logo_rgb-indigo\/\" class=\"wp-image-29427\" srcset=\"https:\/\/americanorchestras.org\/wp-content\/uploads\/2021\/09\/League-three-line-logo_RGB-indigo-1024x406.png 1024w, https:\/\/americanorchestras.org\/wp-content\/uploads\/2021\/09\/League-three-line-logo_RGB-indigo-300x119.png 300w, https:\/\/americanorchestras.org\/wp-content\/uploads\/2021\/09\/League-three-line-logo_RGB-indigo-768x304.png 768w, https:\/\/americanorchestras.org\/wp-content\/uploads\/2021\/09\/League-three-line-logo_RGB-indigo.png 1396w\" sizes=\"auto, (max-width: 1024px) 100vw, 1024px\" \/><\/figure><\/li><li class=\"blocks-gallery-item\"><figure><img loading=\"lazy\" decoding=\"async\" width=\"1024\" height=\"322\" src=\"https:\/\/americanorchestras.org\/wp-content\/uploads\/2020\/12\/LPO-NCP-Logo-1024x322.jpg\" alt=\"Louisiana Philharmonic Orchestra: Carlos Miguel Prieto, Music Director\" data-id=\"10218\" data-full-url=\"https:\/\/americanorchestras.org\/wp-content\/uploads\/2020\/12\/LPO-NCP-Logo-scaled.jpg\" data-link=\"https:\/\/americanorchestras.org\/learn\/artistic-programs\/2020-bruno-walter-national-conductor-preview\/lpo-ncp-logo\/\" class=\"wp-image-10218\" srcset=\"https:\/\/americanorchestras.org\/wp-content\/uploads\/2020\/12\/LPO-NCP-Logo-1024x322.jpg 1024w, https:\/\/americanorchestras.org\/wp-content\/uploads\/2020\/12\/LPO-NCP-Logo-300x94.jpg 300w, https:\/\/americanorchestras.org\/wp-content\/uploads\/2020\/12\/LPO-NCP-Logo-768x242.jpg 768w, https:\/\/americanorchestras.org\/wp-content\/uploads\/2020\/12\/LPO-NCP-Logo-1536x483.jpg 1536w, https:\/\/americanorchestras.org\/wp-content\/uploads\/2020\/12\/LPO-NCP-Logo-2048x644.jpg 2048w\" sizes=\"auto, (max-width: 1024px) 100vw, 1024px\" \/><\/figure><\/li><\/ul><\/figure>\n\n\n\n<hr class=\"wp-block-separator\"\/>\n\n\n\n<p><em>Photo Credits: Bertie Baigent (Marije Schot); Tong Chen (Bob Plotkin); Gonzalo Farias (Roland Lim); Norman Huynh (Stark Photography); Yuwon Kim (Jonghoon Lee); Fran\u00e7ois L\u00f3pez-Ferrer (Josefina P\u00e9rez Miranda)<\/em><\/p>\n<!-- AddThis Advanced Settings generic via filter on the_content --><!-- AddThis Share Buttons generic via filter on the_content -->","protected":false},"excerpt":{"rendered":"<p>Watch the National Conductor Preview in New Orleans with the Louisiana Philharmonic Orchestra, available on-demand for 45 days. <!-- AddThis Advanced Settings generic via filter on get_the_excerpt --><!-- AddThis Share Buttons generic via filter on get_the_excerpt --><\/p>\n","protected":false},"featured_media":30344,"parent":0,"template":"","categories":[134],"class_list":["post-29415","event","type-event","status-publish","has-post-thumbnail","hentry","category-event","event_type-conference","topic-repertoire-and-commissions"],"acf":[],"yoast_head":"<!-- This site is optimized with the Yoast SEO plugin v26.9 - https:\/\/yoast.com\/product\/yoast-seo-wordpress\/ -->\n<title>2022 Bruno Walter National Conductor Preview - americanorchestras.org<\/title>\n<meta name=\"robots\" content=\"index, follow, max-snippet:-1, max-image-preview:large, max-video-preview:-1\" \/>\n<link rel=\"canonical\" href=\"https:\/\/americanorchestras.org\/event\/2022-bruno-walter-national-conductor-preview\/\" \/>\n<meta property=\"og:locale\" content=\"en_US\" \/>\n<meta property=\"og:type\" content=\"article\" \/>\n<meta property=\"og:title\" content=\"2022 Bruno Walter National Conductor Preview - americanorchestras.org\" \/>\n<meta property=\"og:description\" content=\"Watch the National Conductor Preview in New Orleans with the Louisiana Philharmonic Orchestra, available on-demand for 45 days.\" \/>\n<meta property=\"og:url\" content=\"https:\/\/americanorchestras.org\/event\/2022-bruno-walter-national-conductor-preview\/\" \/>\n<meta property=\"og:site_name\" content=\"americanorchestras.org\" \/>\n<meta property=\"article:publisher\" content=\"http:\/\/www.facebook.com\/orchleague\" \/>\n<meta property=\"article:modified_time\" content=\"2022-03-24T17:25:39+00:00\" \/>\n<meta property=\"og:image\" content=\"https:\/\/americanorchestras.org\/wp-content\/uploads\/2021\/09\/NCP-1800x1012-4-1024x576.png\" \/>\n\t<meta property=\"og:image:width\" content=\"1024\" \/>\n\t<meta property=\"og:image:height\" content=\"576\" \/>\n\t<meta property=\"og:image:type\" content=\"image\/png\" \/>\n<meta name=\"twitter:card\" content=\"summary_large_image\" \/>\n<meta name=\"twitter:site\" content=\"@orchleague\" \/>\n<meta name=\"twitter:label1\" content=\"Est. reading time\" \/>\n\t<meta name=\"twitter:data1\" content=\"2 minutes\" \/>\n<script type=\"application\/ld+json\" class=\"yoast-schema-graph\">{\"@context\":\"https:\/\/schema.org\",\"@graph\":[{\"@type\":\"WebPage\",\"@id\":\"https:\/\/americanorchestras.org\/event\/2022-bruno-walter-national-conductor-preview\/\",\"url\":\"https:\/\/americanorchestras.org\/event\/2022-bruno-walter-national-conductor-preview\/\",\"name\":\"2022 Bruno Walter National Conductor Preview - americanorchestras.org\",\"isPartOf\":{\"@id\":\"https:\/\/americanorchestras.org\/#website\"},\"primaryImageOfPage\":{\"@id\":\"https:\/\/americanorchestras.org\/event\/2022-bruno-walter-national-conductor-preview\/#primaryimage\"},\"image\":{\"@id\":\"https:\/\/americanorchestras.org\/event\/2022-bruno-walter-national-conductor-preview\/#primaryimage\"},\"thumbnailUrl\":\"https:\/\/americanorchestras.org\/wp-content\/uploads\/2021\/09\/NCP-1800x1012-4.png\",\"datePublished\":\"2021-09-16T15:15:24+00:00\",\"dateModified\":\"2022-03-24T17:25:39+00:00\",\"breadcrumb\":{\"@id\":\"https:\/\/americanorchestras.org\/event\/2022-bruno-walter-national-conductor-preview\/#breadcrumb\"},\"inLanguage\":\"en-US\",\"potentialAction\":[{\"@type\":\"ReadAction\",\"target\":[\"https:\/\/americanorchestras.org\/event\/2022-bruno-walter-national-conductor-preview\/\"]}]},{\"@type\":\"ImageObject\",\"inLanguage\":\"en-US\",\"@id\":\"https:\/\/americanorchestras.org\/event\/2022-bruno-walter-national-conductor-preview\/#primaryimage\",\"url\":\"https:\/\/americanorchestras.org\/wp-content\/uploads\/2021\/09\/NCP-1800x1012-4.png\",\"contentUrl\":\"https:\/\/americanorchestras.org\/wp-content\/uploads\/2021\/09\/NCP-1800x1012-4.png\",\"width\":1800,\"height\":1012},{\"@type\":\"BreadcrumbList\",\"@id\":\"https:\/\/americanorchestras.org\/event\/2022-bruno-walter-national-conductor-preview\/#breadcrumb\",\"itemListElement\":[{\"@type\":\"ListItem\",\"position\":1,\"name\":\"Home\",\"item\":\"https:\/\/americanorchestras.org\/\"},{\"@type\":\"ListItem\",\"position\":2,\"name\":\"2022 Bruno Walter National Conductor Preview\"}]},{\"@type\":\"WebSite\",\"@id\":\"https:\/\/americanorchestras.org\/#website\",\"url\":\"https:\/\/americanorchestras.org\/\",\"name\":\"americanorchestras.org\",\"description\":\"Advancing the Orchestral Experience for All.\",\"potentialAction\":[{\"@type\":\"SearchAction\",\"target\":{\"@type\":\"EntryPoint\",\"urlTemplate\":\"https:\/\/americanorchestras.org\/?s={search_term_string}\"},\"query-input\":{\"@type\":\"PropertyValueSpecification\",\"valueRequired\":true,\"valueName\":\"search_term_string\"}}],\"inLanguage\":\"en-US\"}]}<\/script>\n<!-- \/ Yoast SEO plugin. -->","yoast_head_json":{"title":"2022 Bruno Walter National Conductor Preview - americanorchestras.org","robots":{"index":"index","follow":"follow","max-snippet":"max-snippet:-1","max-image-preview":"max-image-preview:large","max-video-preview":"max-video-preview:-1"},"canonical":"https:\/\/americanorchestras.org\/event\/2022-bruno-walter-national-conductor-preview\/","og_locale":"en_US","og_type":"article","og_title":"2022 Bruno Walter National Conductor Preview - americanorchestras.org","og_description":"Watch the National Conductor Preview in New Orleans with the Louisiana Philharmonic Orchestra, available on-demand for 45 days.","og_url":"https:\/\/americanorchestras.org\/event\/2022-bruno-walter-national-conductor-preview\/","og_site_name":"americanorchestras.org","article_publisher":"http:\/\/www.facebook.com\/orchleague","article_modified_time":"2022-03-24T17:25:39+00:00","og_image":[{"width":1024,"height":576,"url":"https:\/\/americanorchestras.org\/wp-content\/uploads\/2021\/09\/NCP-1800x1012-4-1024x576.png","type":"image\/png"}],"twitter_card":"summary_large_image","twitter_site":"@orchleague","twitter_misc":{"Est. reading time":"2 minutes"},"schema":{"@context":"https:\/\/schema.org","@graph":[{"@type":"WebPage","@id":"https:\/\/americanorchestras.org\/event\/2022-bruno-walter-national-conductor-preview\/","url":"https:\/\/americanorchestras.org\/event\/2022-bruno-walter-national-conductor-preview\/","name":"2022 Bruno Walter National Conductor Preview - americanorchestras.org","isPartOf":{"@id":"https:\/\/americanorchestras.org\/#website"},"primaryImageOfPage":{"@id":"https:\/\/americanorchestras.org\/event\/2022-bruno-walter-national-conductor-preview\/#primaryimage"},"image":{"@id":"https:\/\/americanorchestras.org\/event\/2022-bruno-walter-national-conductor-preview\/#primaryimage"},"thumbnailUrl":"https:\/\/americanorchestras.org\/wp-content\/uploads\/2021\/09\/NCP-1800x1012-4.png","datePublished":"2021-09-16T15:15:24+00:00","dateModified":"2022-03-24T17:25:39+00:00","breadcrumb":{"@id":"https:\/\/americanorchestras.org\/event\/2022-bruno-walter-national-conductor-preview\/#breadcrumb"},"inLanguage":"en-US","potentialAction":[{"@type":"ReadAction","target":["https:\/\/americanorchestras.org\/event\/2022-bruno-walter-national-conductor-preview\/"]}]},{"@type":"ImageObject","inLanguage":"en-US","@id":"https:\/\/americanorchestras.org\/event\/2022-bruno-walter-national-conductor-preview\/#primaryimage","url":"https:\/\/americanorchestras.org\/wp-content\/uploads\/2021\/09\/NCP-1800x1012-4.png","contentUrl":"https:\/\/americanorchestras.org\/wp-content\/uploads\/2021\/09\/NCP-1800x1012-4.png","width":1800,"height":1012},{"@type":"BreadcrumbList","@id":"https:\/\/americanorchestras.org\/event\/2022-bruno-walter-national-conductor-preview\/#breadcrumb","itemListElement":[{"@type":"ListItem","position":1,"name":"Home","item":"https:\/\/americanorchestras.org\/"},{"@type":"ListItem","position":2,"name":"2022 Bruno Walter National Conductor Preview"}]},{"@type":"WebSite","@id":"https:\/\/americanorchestras.org\/#website","url":"https:\/\/americanorchestras.org\/","name":"americanorchestras.org","description":"Advancing the Orchestral Experience for All.","potentialAction":[{"@type":"SearchAction","target":{"@type":"EntryPoint","urlTemplate":"https:\/\/americanorchestras.org\/?s={search_term_string}"},"query-input":{"@type":"PropertyValueSpecification","valueRequired":true,"valueName":"search_term_string"}}],"inLanguage":"en-US"}]}},"_links":{"self":[{"href":"https:\/\/americanorchestras.org\/wp-json\/wp\/v2\/event\/29415","targetHints":{"allow":["GET"]}}],"collection":[{"href":"https:\/\/americanorchestras.org\/wp-json\/wp\/v2\/event"}],"about":[{"href":"https:\/\/americanorchestras.org\/wp-json\/wp\/v2\/types\/event"}],"version-history":[{"count":3,"href":"https:\/\/americanorchestras.org\/wp-json\/wp\/v2\/event\/29415\/revisions"}],"predecessor-version":[{"id":31562,"href":"https:\/\/americanorchestras.org\/wp-json\/wp\/v2\/event\/29415\/revisions\/31562"}],"wp:featuredmedia":[{"embeddable":true,"href":"https:\/\/americanorchestras.org\/wp-json\/wp\/v2\/media\/30344"}],"wp:attachment":[{"href":"https:\/\/americanorchestras.org\/wp-json\/wp\/v2\/media?parent=29415"}],"wp:term":[{"taxonomy":"category","embeddable":true,"href":"https:\/\/americanorchestras.org\/wp-json\/wp\/v2\/categories?post=29415"}],"curies":[{"name":"wp","href":"https:\/\/api.w.org\/{rel}","templated":true}]}}